{"version":"1.0","provider_name":"F&O F\u00fchrungskr\u00e4fte- & Organisationsentwicklung","provider_url":"https:\/\/fpluso.com\/en\/","author_name":"Esther","author_url":"https:\/\/fpluso.com\/en\/author\/esther\/","title":"07. M\u00e4rz 2018 \u2013 Einfach Visualisieren f\u00fcr HR-Partner - F&O F\u00fchrungskr\u00e4fte- & Organisationsentwicklung","type":"rich","width":600,"height":338,"html":"<blockquote class=\"wp-embedded-content\" data-secret=\"zMQs1t9JJE\"><a href=\"https:\/\/fpluso.com\/en\/07-maerz-2018-einfach-visualisieren-fuer-hr-partner\/\">07. M\u00e4rz 2018 \u2013 Einfach Visualisieren f\u00fcr HR-Partner<\/a><\/blockquote><iframe sandbox=\"allow-scripts\" security=\"restricted\" src=\"https:\/\/fpluso.com\/en\/07-maerz-2018-einfach-visualisieren-fuer-hr-partner\/embed\/#?secret=zMQs1t9JJE\" width=\"600\" height=\"338\" title=\"&#8220;07. M\u00e4rz 2018 \u2013 Einfach Visualisieren f\u00fcr HR-Partner&#8221; &#8212; F&amp;O F\u00fchrungskr\u00e4fte- &amp; Organisationsentwicklung\" data-secret=\"zMQs1t9JJE\" frameborder=\"0\" marginwidth=\"0\" marginheight=\"0\" scrolling=\"no\" class=\"wp-embedded-content\"><\/iframe><script type=\"text\/javascript\">\n\/* <![CDATA[ *\/\n\/*! This file is auto-generated *\/\n!function(d,l){\"use strict\";l.querySelector&&d.addEventListener&&\"undefined\"!=typeof URL&&(d.wp=d.wp||{},d.wp.receiveEmbedMessage||(d.wp.receiveEmbedMessage=function(e){var t=e.data;if((t||t.secret||t.message||t.value)&&!\/[^a-zA-Z0-9]\/.test(t.secret)){for(var s,r,n,a=l.querySelectorAll('iframe[data-secret=\"'+t.secret+'\"]'),o=l.querySelectorAll('blockquote[data-secret=\"'+t.secret+'\"]'),c=new RegExp(\"^https?:$\",\"i\"),i=0;i<o.length;i++)o[i].style.display=\"none\";for(i=0;i<a.length;i++)s=a[i],e.source===s.contentWindow&&(s.removeAttribute(\"style\"),\"height\"===t.message?(1e3<(r=parseInt(t.value,10))?r=1e3:~~r<200&&(r=200),s.height=r):\"link\"===t.message&&(r=new URL(s.getAttribute(\"src\")),n=new URL(t.value),c.test(n.protocol))&&n.host===r.host&&l.activeElement===s&&(d.top.location.href=t.value))}},d.addEventListener(\"message\",d.wp.receiveEmbedMessage,!1),l.addEventListener(\"DOMContentLoaded\",function(){for(var e,t,s=l.querySelectorAll(\"iframe.wp-embedded-content\"),r=0;r<s.length;r++)(t=(e=s[r]).getAttribute(\"data-secret\"))||(t=Math.random().toString(36).substring(2,12),e.src+=\"#?secret=\"+t,e.setAttribute(\"data-secret\",t)),e.contentWindow.postMessage({message:\"ready\",secret:t},\"*\")},!1)))}(window,document);\n\/\/# sourceURL=https:\/\/fpluso.com\/wp-includes\/js\/wp-embed.min.js\n\/* ]]> *\/\n<\/script>\n","thumbnail_url":"https:\/\/fpluso.com\/wp-content\/uploads\/2018\/02\/einfach-visualisieren2.jpg","thumbnail_width":1448,"thumbnail_height":2048,"description":"Wozu? Im Austausch mit internen Kunden kommt es in der Personalarbeit darauf an, Sachverhalte, Sorgen und Zukunftsthemen aufzunehmen und darzustellen. Authentisch, spontan und zielgruppenorientiert zu arbeiten ist eine zentrale Kompetenz, um schnell Vertrauen aufzubauen. Sie setzen sie ein, um: &#8211; Besprechungen und Workshops zu moderieren. &#8211; Themen zu pr\u00e4sentieren. &#8211; In ein Coaching einzusteigen. Wer? Mit [&hellip;]"}